{"id":258,"date":"2018-02-01T13:03:37","date_gmt":"2018-02-01T12:03:37","guid":{"rendered":"https:\/\/osadev.fh-potsdam.de\/informations-datenmanagement\/?page_id=258"},"modified":"2019-12-01T19:08:31","modified_gmt":"2019-12-01T18:08:31","slug":"elisabeth-t-bibliothekarin","status":"publish","type":"page","link":"https:\/\/osadev.fh-potsdam.de\/informations-datenmanagement\/aussichten\/interviews-mit-absolventinnen-und-absolventen\/elisabeth-t-bibliothekarin\/","title":{"rendered":"Elisabeth T., Bibliothekarin"},"content":{"rendered":"<div class=\"row\"  id=\"row-977557813\">\n\n\t<div id=\"col-1579852271\" class=\"col title-row-null small-12 large-12\"  >\n\t\t\t\t<div class=\"col-inner\"  >\n\t\t\t\n\t\t\t\n<h1><b>Elisabeth T., Bibliothekarin<\/b><\/h1>\n\t\t<\/div>\n\t\t\t\t\t<\/div>\n\n\t\n\n\t<div id=\"col-142301377\" class=\"col medium-8 small-12 large-8\"  >\n\t\t\t\t<div class=\"col-inner\"  >\n\t\t\t\n\t\t\t\n<p><b>Studienabschluss: Information und Dokumentation B.A.<\/b><\/p>\n<div class=\"accordion\">\n\t<div id=\"accordion-2261648744\" class=\"accordion-item\">\n\t\t<a id=\"accordion-2261648744-label\" class=\"accordion-title plain active\" href=\"#accordion-item-stellen-sie-ihren-beruf-kurz-vor!\" aria-expanded=\"true\" aria-controls=\"accordion-2261648744-content\">\n\t\t\t<button class=\"toggle\" aria-label=\"Umschalten\"><i class=\"icon-angle-down\" aria-hidden=\"true\"><\/i><\/button>\n\t\t\t<span>Stellen Sie Ihren Beruf kurz vor!<\/span>\n\t\t<\/a>\n\t\t<div id=\"accordion-2261648744-content\" class=\"accordion-inner\" style=\"display: block;\" aria-labelledby=\"accordion-2261648744-label\">\n\t\t\t\n<p>Ich arbeite seit einigen Monaten in einer eher kleinen Universit\u00e4tsbibliothek, ich bin u.a. f\u00fcr die \u00d6ffentlichkeitsarbeit zust\u00e4ndig und an der Auskunft t\u00e4tig, das bedeutet das Beraten von BibliotheksbenutzerInnen am Helpdesk und Bibliotheksf\u00fchrungen, sowie Benutzerschulungen. Eingestellt bin ich als Bibliothekarin, obwohl mein Aufgabenbereich haupts\u00e4chlich aus weniger \u201etraditionell \u2013 bibliothekarischen\u201c T\u00e4tigkeiten besteht.<\/p>\n\t\t<\/div>\n\t<\/div>\n\t\n\t<div id=\"accordion-2181579677\" class=\"accordion-item\">\n\t\t<a id=\"accordion-2181579677-label\" class=\"accordion-title plain\" href=\"#accordion-item-beschreiben-sie-ihre-arbeit!-wie-sieht-ein-typischer-arbeitstag-bei-ihnen-aus?\" aria-expanded=\"false\" aria-controls=\"accordion-2181579677-content\">\n\t\t\t<button class=\"toggle\" aria-label=\"Umschalten\"><i class=\"icon-angle-down\" aria-hidden=\"true\"><\/i><\/button>\n\t\t\t<span>Beschreiben Sie Ihre Arbeit! Wie sieht ein typischer Arbeitstag bei Ihnen aus?<\/span>\n\t\t<\/a>\n\t\t<div id=\"accordion-2181579677-content\" class=\"accordion-inner\" aria-labelledby=\"accordion-2181579677-label\">\n\t\t\t\n<p>Durch meinen T\u00e4tigkeitsbereich in der \u00d6ffentlichkeitsarbeit habe ich eher selten einen \u201etypischen\u201c Arbeitstag, was sehr angenehm, da abwechslungsreich ist. Im generellen gibt es bei mir schon einige t\u00e4glich gleiche Abl\u00e4ufe, bspw. morgens durch die Bibliothek gehen, l\u00fcften, B\u00fccher von den B\u00fccherwagen sammeln, PCs einschalten usw. Ich bin t\u00e4glich ca. 2h an der Information bzw. am Helpdesk vor Ort und berate hier die BenutzerInnen der Bibliothek zu gro\u00dfen und kleinen Fragen rund um die Bibliothek und unterst\u00fctze sie bei der Literaturrecherche. Au\u00dferdem f\u00fchre ich Benutzerschulungen zu verschiedenen Themen durch.<\/p>\n<p>Im Bereich der \u00d6ffentlichkeitsarbeit plane ich Veranstaltungen und bin an der Umsetzung dieser beteiligt. Die Themen hier reichen von Lesungen und Ausstellungen in den Bibliotheksr\u00e4umen bis zur Planung von gr\u00f6\u00dferen Veranstaltung, wie beispielsweise der \u201eLangen Nacht der Hausarbeiten\u201c. Bei diesen Veranstaltungen bin ich aber nicht auf mich allein gestellt, sondern erhalte viel Unterst\u00fctzung durch meine KollegInnen. Au\u00dferdem entwerfe ich verschiedene Werbemittel f\u00fcr die Bibliothek mit professionellen Layout- und Design-Programmen.<\/p>\n\t\t<\/div>\n\t<\/div>\n\t\n\t<div id=\"accordion-2540302192\" class=\"accordion-item\">\n\t\t<a id=\"accordion-2540302192-label\" class=\"accordion-title plain\" href=\"#accordion-item-warum-haben-sie-sich-f\u00fcr-den-studiengang-information-und-dokumentation-entschieden?\" aria-expanded=\"false\" aria-controls=\"accordion-2540302192-content\">\n\t\t\t<button class=\"toggle\" aria-label=\"Umschalten\"><i class=\"icon-angle-down\" aria-hidden=\"true\"><\/i><\/button>\n\t\t\t<span>Warum haben Sie sich f\u00fcr den Studiengang Information und Dokumentation entschieden?<\/span>\n\t\t<\/a>\n\t\t<div id=\"accordion-2540302192-content\" class=\"accordion-inner\" aria-labelledby=\"accordion-2540302192-label\">\n\t\t\t\n<p>Mich haben vor allem die informationstechnischen Inhalte des Studiengangs, wie Programmieren, Datenmodellierung oder Information Retrieval angesprochen.<\/p>\n\t\t<\/div>\n\t<\/div>\n\t\n\t<div id=\"accordion-2120328677\" class=\"accordion-item\">\n\t\t<a id=\"accordion-2120328677-label\" class=\"accordion-title plain\" href=\"#accordion-item-schildern-sie-ihren-beruflichen-werdegang.-wie-sind-sie-zu-ihrem-jetzigen-beruf-gekommen?\" aria-expanded=\"false\" aria-controls=\"accordion-2120328677-content\">\n\t\t\t<button class=\"toggle\" aria-label=\"Umschalten\"><i class=\"icon-angle-down\" aria-hidden=\"true\"><\/i><\/button>\n\t\t\t<span>Schildern Sie ihren beruflichen Werdegang. Wie sind Sie zu ihrem jetzigen Beruf gekommen?<\/span>\n\t\t<\/a>\n\t\t<div id=\"accordion-2120328677-content\" class=\"accordion-inner\" aria-labelledby=\"accordion-2120328677-label\">\n\t\t\t\n<p>Vor dem Studium habe ich eine Ausbildung zur FAMI in der Fachrichtung Bibliothek abgeschlossen und danach zwei Jahre im Beruf gearbeitet. Danach entschloss ich mich, in Potsdam zu studieren. Neben dem Studium habe ich im Deutschen Rundfunkarchiv Babelsberg als studentische Hilfskraft gearbeitet und dort viel aus der Praxis eines Archivs gelernt. Den Bachelor habe ich mit guten Noten abgeschlossen, dennoch war ich nach dem Studium ein paar Monate arbeitssuchend, vor allem im \u00f6stlichen Teil Deutschlands gibt es leider wenig Stellen im Bereich IuD. Die Ausschreibung meines jetzigen Arbeitgebers hat mich aber \u00fcberzeugt und so hat es mich etwas weiter weg verschlagen als geplant.<\/p>\n\t\t<\/div>\n\t<\/div>\n\t\n\t<div id=\"accordion-412558461\" class=\"accordion-item\">\n\t\t<a id=\"accordion-412558461-label\" class=\"accordion-title plain\" href=\"#accordion-item-was-fasziniert-sie-an-ihrer-t\u00e4tigkeit?\" aria-expanded=\"false\" aria-controls=\"accordion-412558461-content\">\n\t\t\t<button class=\"toggle\" aria-label=\"Umschalten\"><i class=\"icon-angle-down\" aria-hidden=\"true\"><\/i><\/button>\n\t\t\t<span>Was fasziniert Sie an ihrer T\u00e4tigkeit?<\/span>\n\t\t<\/a>\n\t\t<div id=\"accordion-412558461-content\" class=\"accordion-inner\" aria-labelledby=\"accordion-412558461-label\">\n\t\t\t\n<p>Die t\u00e4glich neuen und unterschiedlichen Situationen mit denen man konfrontiert wird, sei es nun ein besonders spezieller Wunsch eines Bibliotheksnutzers\/ einer Bibliotheksnutzerin oder eine unerwartete Situation bei einer Veranstaltung, bspw. wenn ein Vortragender einfach nicht erscheint, der Beamer kaputt ist oder das Mikro nicht funktioniert. Hier muss man immer wieder flexibel sein und versuchen, sich der<br \/>\nSituation zu stellen, eine gute L\u00f6sung zu finden und zu improvisieren.<\/p>\n\t\t<\/div>\n\t<\/div>\n\t\n\t<div id=\"accordion-960023120\" class=\"accordion-item\">\n\t\t<a id=\"accordion-960023120-label\" class=\"accordion-title plain\" href=\"#accordion-item-was-erleben-sie-als-herausforderung-bei-ihrer-t\u00e4tigkeit?-was-macht-es-eventuell-schwer?\" aria-expanded=\"false\" aria-controls=\"accordion-960023120-content\">\n\t\t\t<button class=\"toggle\" aria-label=\"Umschalten\"><i class=\"icon-angle-down\" aria-hidden=\"true\"><\/i><\/button>\n\t\t\t<span>Was erleben Sie als Herausforderung bei Ihrer T\u00e4tigkeit? Was macht es eventuell schwer?<\/span>\n\t\t<\/a>\n\t\t<div id=\"accordion-960023120-content\" class=\"accordion-inner\" aria-labelledby=\"accordion-960023120-label\">\n\t\t\t\n<p>Die vielen unterschiedlichen T\u00e4tigkeiten und die Mischung aus festen Terminen und freier Zeiteinteilung erfordert ein hohes Ma\u00df an Organisationsverst\u00e4ndnis und Engagement.<\/p>\n\t\t<\/div>\n\t<\/div>\n\t\n\t<div id=\"accordion-1519248729\" class=\"accordion-item\">\n\t\t<a id=\"accordion-1519248729-label\" class=\"accordion-title plain\" href=\"#accordion-item-was-ist-ihrer-meinung-nach-das-wichtigste,-das-sie-w\u00e4hrend-des-studiums-f\u00fcr-ihren-aktuellen-beruf-gelernt-haben?\" aria-expanded=\"false\" aria-controls=\"accordion-1519248729-content\">\n\t\t\t<button class=\"toggle\" aria-label=\"Umschalten\"><i class=\"icon-angle-down\" aria-hidden=\"true\"><\/i><\/button>\n\t\t\t<span>Was ist Ihrer Meinung nach das Wichtigste, das Sie w\u00e4hrend des Studiums f\u00fcr Ihren aktuellen Beruf gelernt haben?<\/span>\n\t\t<\/a>\n\t\t<div id=\"accordion-1519248729-content\" class=\"accordion-inner\" aria-labelledby=\"accordion-1519248729-label\">\n\t\t\t\n<p>Durchhalteverm\u00f6gen, die Liebe zur Kleingruppenarbeit und viel Organisationstalent.<\/p>\n\t\t<\/div>\n\t<\/div>\n\t\n\t<div id=\"accordion-1409399424\" class=\"accordion-item\">\n\t\t<a id=\"accordion-1409399424-label\" class=\"accordion-title plain\" href=\"#accordion-item-gibt-es-etwas-im-studium,-das-ihnen-besonders-in-erinnerung-geblieben-ist?\" aria-expanded=\"false\" aria-controls=\"accordion-1409399424-content\">\n\t\t\t<button class=\"toggle\" aria-label=\"Umschalten\"><i class=\"icon-angle-down\" aria-hidden=\"true\"><\/i><\/button>\n\t\t\t<span>Gibt es etwas im Studium, das Ihnen besonders in Erinnerung geblieben ist?<\/span>\n\t\t<\/a>\n\t\t<div id=\"accordion-1409399424-content\" class=\"accordion-inner\" aria-labelledby=\"accordion-1409399424-label\">\n\t\t\t\n<p>Ja, ein Wahlpflichtkurs indem es um die Erstellung einer Ontologie zu einem bestimmten Thema ging. Die Zielstellung und das Endergebnis haben sich sehr unterschieden. Es war dennoch ein unheimlich produktiver Kurs, da man erleben konnte welche Probleme sich manchmal bei der Entwicklung einer bestimmten Sache ergeben und welch verschiedene Meinungen und Gesichtspunkte beachtet werden m\u00fcssen.<\/p>\n\t\t<\/div>\n\t<\/div>\n\t\n\t<div id=\"accordion-2816542123\" class=\"accordion-item\">\n\t\t<a id=\"accordion-2816542123-label\" class=\"accordion-title plain\" href=\"#accordion-item-was-sollte-man-an-interessen-bzw.-f\u00e4higkeiten-f\u00fcr-dieses-berufsfeld-mitbringen,-im-studium-erwerben-oder-sich-ggf.-durch-zusatzqualifikationen-aneignen?\" aria-expanded=\"false\" aria-controls=\"accordion-2816542123-content\">\n\t\t\t<button class=\"toggle\" aria-label=\"Umschalten\"><i class=\"icon-angle-down\" aria-hidden=\"true\"><\/i><\/button>\n\t\t\t<span>Was sollte man an Interessen bzw. F\u00e4higkeiten f\u00fcr dieses Berufsfeld mitbringen, im Studium erwerben oder sich ggf. durch Zusatzqualifikationen aneignen?<\/span>\n\t\t<\/a>\n\t\t<div id=\"accordion-2816542123-content\" class=\"accordion-inner\" aria-labelledby=\"accordion-2816542123-label\">\n\t\t\t\n<p>Ich denke, das Studium vermittelt das meiste an konkret fachlichen Kenntnissen die man f\u00fcr den Arbeitsalltag ben\u00f6tigt. Beim Berufseinstieg wird dann viel Wert aus Softskills und eine gewisse Berufspraxis gelegt, weshalb ich nur empfehlen kann m\u00f6glichst viele Praktika im angestrebten Arbeitsbereich zu machen.<\/p>\n\t\t<\/div>\n\t<\/div>\n\t\n<\/div>\n\t\t<\/div>\n\t\t\t\t\t<\/div>\n\n\t\n\n\t<div id=\"col-1807453094\" class=\"col medium-4 small-12 large-4\"  >\n\t\t\t\t<div class=\"col-inner\"  >\n\t\t\t\n\t\t\t\n\t<div class=\"img has-hover x md-x lg-x y md-y lg-y\" id=\"image_1738185787\">\n\t\t\t\t\t\t\t\t<div class=\"img-inner dark\" >\n\t\t\t<img loading=\"lazy\" decoding=\"async\" width=\"360\" height=\"480\" src=\"https:\/\/osadev.fh-potsdam.de\/informations-datenmanagement\/wp-content\/uploads\/sites\/8\/2018\/04\/5_Elisabeth-T_IuD_Portrait.jpg\" class=\"attachment-large size-large\" alt=\"\" srcset=\"https:\/\/osadev.fh-potsdam.de\/informations-datenmanagement\/wp-content\/uploads\/sites\/8\/2018\/04\/5_Elisabeth-T_IuD_Portrait.jpg 360w, https:\/\/osadev.fh-potsdam.de\/informations-datenmanagement\/wp-content\/uploads\/sites\/8\/2018\/04\/5_Elisabeth-T_IuD_Portrait-225x300.jpg 225w\" sizes=\"auto, (max-width: 360px) 100vw, 360px\" \/>\t\t\t\t\t\t\n\t\t\t\t\t<\/div>\n\t\t\t\t\t\t\t\t\n<style>\n#image_1738185787 {\n  width: 100%;\n}\n<\/style>\n\t<\/div>\n\t\n<p style=\"text-align: right; margin-top: -10px; font-size: 12px;\">Quelle: privat<\/p>\n\t\t<\/div>\n\t\t\t\t\t<\/div>\n\n\t\n<\/div>\n<div class=\"row\"  id=\"row-2143417525\">\n<div class=\"col ctrl-buttons\">\n<div class=\"ctrl-buttons-left\"><a href=\"\/informations-datenmanagement\/aussichten\/interviews-mit-absolventinnen-und-absolventen\/carolin-p-it-beraterin\/\" class=\"button primary lowercase previous\" >\n\t\t<span>zur\u00fcck<\/span>\n\t<\/a>\n<\/div>\n<div class=\"ctrl-buttons-right\"><a href=\"\/informations-datenmanagement\/aussichten\/interviews-mit-absolventinnen-und-absolventen\/michael-p-wissenschaftlicher-mitarbeiter\/\" class=\"button primary lowercase next\" >\n\t\t<span>weiter<\/span>\n\t<\/a>\n<\/div>\n<\/div>\n<\/div>\n","protected":false},"excerpt":{"rendered":"","protected":false},"author":3,"featured_media":0,"parent":242,"menu_order":0,"comment_status":"closed","ping_status":"closed","template":"","meta":{"_acf_changed":false,"powered_cache_disable_cache":false,"footnotes":""},"class_list":["post-258","page","type-page","status-publish","hentry"],"acf":[],"_links":{"self":[{"href":"https:\/\/osadev.fh-potsdam.de\/informations-datenmanagement\/wp-json\/wp\/v2\/pages\/258","targetHints":{"allow":["GET"]}}],"collection":[{"href":"https:\/\/osadev.fh-potsdam.de\/informations-datenmanagement\/wp-json\/wp\/v2\/pages"}],"about":[{"href":"https:\/\/osadev.fh-potsdam.de\/informations-datenmanagement\/wp-json\/wp\/v2\/types\/page"}],"author":[{"embeddable":true,"href":"https:\/\/osadev.fh-potsdam.de\/informations-datenmanagement\/wp-json\/wp\/v2\/users\/3"}],"replies":[{"embeddable":true,"href":"https:\/\/osadev.fh-potsdam.de\/informations-datenmanagement\/wp-json\/wp\/v2\/comments?post=258"}],"version-history":[{"count":18,"href":"https:\/\/osadev.fh-potsdam.de\/informations-datenmanagement\/wp-json\/wp\/v2\/pages\/258\/revisions"}],"predecessor-version":[{"id":1278,"href":"https:\/\/osadev.fh-potsdam.de\/informations-datenmanagement\/wp-json\/wp\/v2\/pages\/258\/revisions\/1278"}],"up":[{"embeddable":true,"href":"https:\/\/osadev.fh-potsdam.de\/informations-datenmanagement\/wp-json\/wp\/v2\/pages\/242"}],"wp:attachment":[{"href":"https:\/\/osadev.fh-potsdam.de\/informations-datenmanagement\/wp-json\/wp\/v2\/media?parent=258"}],"curies":[{"name":"wp","href":"https:\/\/api.w.org\/{rel}","templated":true}]}}